{"id":373,"date":"2026-04-08T11:23:57","date_gmt":"2026-04-08T09:23:57","guid":{"rendered":"https:\/\/www.lra-soemmerda.de\/?page_id=373"},"modified":"2026-04-13T14:49:27","modified_gmt":"2026-04-13T12:49:27","slug":"abfallwirtschaft","status":"publish","type":"page","link":"https:\/\/www.lra-soemmerda.de\/?page_id=373","title":{"rendered":"Abfallwirtschaft"},"content":{"rendered":"\n<div class=\"wp-block-columns alignwide is-layout-flex wp-container-core-columns-is-layout-28f84493 wp-block-columns-is-layout-flex\">\n<div class=\"wp-block-column is-layout-flow wp-block-column-is-layout-flow\">\n<p>Der Landkreis S\u00f6mmerda entsorgt als \u00f6ffentlich-rechtlicher Entsorgungstr\u00e4ger die im Kreisgebiet anfallenden und \u00fcberlassenen Abf\u00e4lle. Dazu wurde ein umfangreiches haushaltsnahes Sammelsystem eingerichtet. Die entsprechenden Satzungen (Abfallwirtschaftssatzung, Abfallgeb\u00fchrensatzung) finden Sie <a href=\"https:\/\/www.lra-soemmerda.de\/?page_id=255\" data-type=\"link\" data-id=\"https:\/\/www.lra-soemmerda.de\/?page_id=255\">hier (Link)<\/a>.\u200b\u200b\u200b\u200b Die Online-Services und Formulare des Abfallwirtschaftsamtes finden Sie <a href=\"https:\/\/include-th.zfinder.de\/231219162\" data-type=\"link\" data-id=\"https:\/\/include-th.zfinder.de\/231219162\">hier (Link)<\/a>.<\/p>\n\n\n\n<h4 class=\"wp-block-heading\">Kontakt zum Abfallwirtschaftsamt:<\/h4>\n<\/div>\n<\/div>\n\n\n\n<div class=\"wp-block-columns alignwide is-layout-flex wp-container-core-columns-is-layout-28f84493 wp-block-columns-is-layout-flex\">\n<div class=\"wp-block-column is-layout-flow wp-block-column-is-layout-flow\">\n<p>Telefon: +49 3634 354-201<br>E-Mail: <a href=\"mailto:abfallwirtschaft@lra-soemmerda.de\">abfallwirtschaft@lra-soemmerda.de<\/a><\/p>\n<\/div>\n<\/div>\n\n\n\n<div class=\"wp-block-columns alignwide is-layout-flex wp-container-core-columns-is-layout-28f84493 wp-block-columns-is-layout-flex\">\n<div class=\"wp-block-column is-layout-flow wp-block-column-is-layout-flow\"><\/div>\n<\/div>\n\n\n\n<div class=\"wp-block-columns alignwide is-layout-flex wp-container-core-columns-is-layout-28f84493 wp-block-columns-is-layout-flex\">\n<div class=\"wp-block-column is-layout-flow wp-block-column-is-layout-flow\">\n<h3 class=\"wp-block-heading\">Entsorgungsportal f\u00fcr den Landkreis S\u00f6mmerda<\/h3>\n<\/div>\n<\/div>\n\n\n\n<div class=\"wp-block-columns alignwide is-layout-flex wp-container-core-columns-is-layout-28f84493 wp-block-columns-is-layout-flex\">\n<div class=\"wp-block-column is-layout-flow wp-block-column-is-layout-flow\">\n<p>Die Leerungstermine aller Rest- und Bioabfallbeh\u00e4lter sowie der Wertstofftonnen (gelb und blau) erhalten Sie auf einen Blick mit unserem Online-Abfallkalender. Diesen k\u00f6nnen Sie als Jahres\u00fcbersicht ausdrucken oder sich als iCal-Datei in Ihren elektronischen Kalender integrieren.<\/p>\n\n\n\n<p>Nutzen Sie unsere M\u00fcllabfuhr-App auf Ihrem Smartphone und Sie werden an jeden Abholtermin erinnert. Einfach die App herunterladen, Ihren Wohnort ausw\u00e4hlen, gew\u00fcnschte Tonnen und Erinnerungstermin einstellen \u2013 fertig! Eine Registrierung ist nicht erforderlich.<\/p>\n\n\n\n<p><strong>Abfall-Kalender Online:<\/strong> <a href=\"https:\/\/www.muellabfuhr-deutschland.de\/soemmerda\">https:\/\/www.muellabfuhr-deutschland.de\/soemmerda<\/a><\/p>\n\n\n\n<p><strong>Standpl\u00e4tze der Alttextilcontainer im Landkreis <\/strong><a href=\"https:\/\/www.lra-soemmerda.de\/wp-content\/uploads\/2026\/04\/Standplaetze-der-Alttextilcontainer-im-Landkreis.pdf\" data-type=\"attachment\" data-id=\"393\" target=\"_blank\" rel=\"noreferrer noopener\">(Download als Pdf)<\/a><\/p>\n<\/div>\n<\/div>\n\n\n\n<div class=\"wp-block-columns alignwide is-layout-flex wp-container-core-columns-is-layout-28f84493 wp-block-columns-is-layout-flex\">\n<div class=\"wp-block-column is-layout-flow wp-block-column-is-layout-flow\">\n<p><\/p>\n<\/div>\n<\/div>\n\n\n\n<div class=\"wp-block-columns alignwide is-layout-flex wp-container-core-columns-is-layout-28f84493 wp-block-columns-is-layout-flex\">\n<div class=\"wp-block-column is-layout-flow wp-block-column-is-layout-flow\">\n<h4 class=\"wp-block-heading\">Abfallkalender 2026 als Pdf zum Download:<\/h4>\n<\/div>\n<\/div>\n\n\n\n<div class=\"wp-block-columns alignwide is-layout-flex wp-container-core-columns-is-layout-28f84493 wp-block-columns-is-layout-flex\">\n<div class=\"wp-block-column is-layout-flow wp-block-column-is-layout-flow\">\n<ul class=\"wp-block-list\">\n<li><a href=\"https:\/\/www.lra-soemmerda.de\/wp-content\/uploads\/2026\/04\/2026-Buttstaedt-und-Koelleda-inkl.-Ortsteile.pdf\" data-type=\"attachment\" data-id=\"383\" target=\"_blank\" rel=\"noreferrer noopener\">Buttst\u00e4dt und K\u00f6lleda inkl. Ortsteile<\/a>\u200b<\/li>\n\n\n\n<li><a href=\"https:\/\/www.lra-soemmerda.de\/wp-content\/uploads\/2026\/04\/2026-Stadt-Soemmerda-inkl.-Ortsteile.pdf\" data-type=\"attachment\" data-id=\"387\" target=\"_blank\" rel=\"noreferrer noopener\">Stadt S\u00f6mmerda inkl. Ortsteile<\/a><\/li>\n\n\n\n<li><a href=\"https:\/\/www.lra-soemmerda.de\/wp-content\/uploads\/2026\/04\/2026-Gemeinden-Teil-I.pdf\" data-type=\"attachment\" data-id=\"384\" target=\"_blank\" rel=\"noreferrer noopener\">\u200bGemeinden Teil I<\/a><\/li>\n\n\n\n<li><a href=\"https:\/\/www.lra-soemmerda.de\/wp-content\/uploads\/2026\/04\/2026-Gemeinden-Teil-II.pdf\" data-type=\"attachment\" data-id=\"385\" target=\"_blank\" rel=\"noreferrer noopener\">Gemeinden Teil II<\/a>\u200b<\/li>\n\n\n\n<li><a href=\"https:\/\/www.lra-soemmerda.de\/wp-content\/uploads\/2026\/04\/2026-Rastenberg-Kindelbrueck-Weissensee-inkl.-Ortsteile.pdf\" data-type=\"attachment\" data-id=\"386\" target=\"_blank\" rel=\"noreferrer noopener\">Rastenberg, Kindelbr\u00fcck, W\u200bei\u00dfensee inkl. Ortsteile<\/a><\/li>\n\n\n\n<li><a href=\"https:\/\/www.lra-soemmerda.de\/wp-content\/uploads\/2026\/04\/2026-Allgemeine-Hinweise.pdf\" data-type=\"attachment\" data-id=\"382\" target=\"_blank\" rel=\"noreferrer noopener\">Allgeme\u200bine Hinweise<\/a><\/li>\n<\/ul>\n<\/div>\n<\/div>\n\n\n\n<div class=\"wp-block-columns alignwide is-layout-flex wp-container-core-columns-is-layout-28f84493 wp-block-columns-is-layout-flex\">\n<div class=\"wp-block-column is-layout-flow wp-block-column-is-layout-flow\">\n<p><\/p>\n<\/div>\n<\/div>\n\n\n\n<div class=\"wp-block-columns alignwide is-layout-flex wp-container-core-columns-is-layout-28f84493 wp-block-columns-is-layout-flex\">\n<div class=\"wp-block-column is-layout-flow wp-block-column-is-layout-flow\">\n<h3 class=\"wp-block-heading\">Container f\u00fcr Baum- und Strauchschnitt<\/h3>\n<\/div>\n<\/div>\n\n\n\n<div class=\"wp-block-columns alignwide is-layout-flex wp-container-core-columns-is-layout-28f84493 wp-block-columns-is-layout-flex\">\n<div class=\"wp-block-column is-layout-flow wp-block-column-is-layout-flow\">\n<p>Die Aufstellung der Container f\u00fcr Baum- und Strauchschnitt&nbsp;erfolgt im Zeitraum&nbsp;<strong>vom 02.03.2026 bis 30.04.2026&nbsp;<\/strong>sowie&nbsp;<strong>vom&nbsp;<\/strong><strong>01.09.2026 bis 29.10.2026.&nbsp;<\/strong>Die Termine der Standzeiten entnehmen Sie bitte Ihrem&nbsp;jeweiligen Abfallkalender.<\/p>\n\n\n\n<p>Im Abfallwirtschaftszentrum Michelsh\u00f6he werden in diesem Jahr ganzj\u00e4hrig zu den gegebenen \u00d6ffnungszeiten Container zur kostenlosen Annahme bereitstehen. Diese sind ausschlie\u00dflich f\u00fcr Baum- und Strauchschnitt, Astwerk und Baumschnitt bis 2&nbsp;m L\u00e4nge\/12&nbsp;cm Durchmesser vorgesehen,&nbsp;die&nbsp;aufgrund ihrer Gr\u00f6\u00dfe und Menge nicht eigenkompostiert oder mit der Biotonne entsorgt werden k\u00f6nnen. Die Container&nbsp;ersetzen nicht die Biotonne oder den Komposthaufen, die z.B. f\u00fcr H\u00e4ckselgut, Grasschnitt, Moos, Laub und andere Pflanzenreste zu nutzen sind.<\/p>\n\n\n\n<p><strong>Abfallumladestation Michelsh\u00f6he<\/strong><\/p>\n\n\n\n<p>Michelsh\u00f6he<br>99610 S\u00f6mmerda<br>Telefon: +49 3634 610601<br>Telefax: +49 3634 603313<\/p>\n\n\n\n<p>Montag bis Freitag 07:00 bis 16:00 Uhr<br><em>zus\u00e4tzlich von M\u00e4rz bis November auch<\/em><br>Donnerstag bis 17:30 Uhr<br>Samstag 07:30 bis 12:30 Uhr<\/p>\n<\/div>\n<\/div>\n\n\n\n<div class=\"wp-block-columns alignwide is-layout-flex wp-container-core-columns-is-layout-28f84493 wp-block-columns-is-layout-flex\">\n<div class=\"wp-block-column is-layout-flow wp-block-column-is-layout-flow\">\n<p><\/p>\n<\/div>\n<\/div>\n\n\n\n<div class=\"wp-block-columns alignwide is-layout-flex wp-container-core-columns-is-layout-28f84493 wp-block-columns-is-layout-flex\">\n<div class=\"wp-block-column is-layout-flow wp-block-column-is-layout-flow\">\n<h3 class=\"wp-block-heading\">Sperrm\u00fcll und Elektroger\u00e4te<\/h3>\n<\/div>\n<\/div>\n\n\n\n<div class=\"wp-block-columns alignwide is-layout-flex wp-container-core-columns-is-layout-28f84493 wp-block-columns-is-layout-flex\">\n<div class=\"wp-block-column is-layout-flow wp-block-column-is-layout-flow\">\n<p>Sperrm\u00fcll und Elek\u200btroger\u00e4te werden nach vorheriger Anmeldung mit der Abrufkarte oder per Online-\u200bDienst zum bekanntgegebenen Termin abgeholt. \u200bEbenso k\u00f6nnen sie auch selbst zur Abfallumladestation bzw. zur Annahmestelle f\u00fcr Elektroger\u00e4te gebracht werden:<\/p>\n\n\n\n<p><strong>Annahmestelle f\u00fcr Elektroger\u00e4te<\/strong><\/p>\n\n\n\n<p>Am Oberwege 29<br>99610 S\u00f6mmerda<br>Telefon: +49 3634 610625<br>Telefax: +49 3634 6929920<\/p>\n\n\n\n<p>Montag bis Freitag 07:00 bis 16:00 Uhr<br><em>zus\u00e4tzlich von M\u00e4rz bis November auch<\/em><br>Samstag 08:00 bis 12:00 Uhr<\/p>\n<\/div>\n<\/div>\n","protected":false},"excerpt":{"rendered":"<p>Der Landkreis S\u00f6mmerda entsorgt als \u00f6ffentlich-rechtlicher Entsorgungstr\u00e4ger die im Kreisgebiet anfallenden und \u00fcberlassenen Abf\u00e4lle. Dazu wurde ein umfangreiches haushaltsnahes Sammelsystem eingerichtet. Die entsprechenden Satzungen (Abfallwirtschaftssatzung, Abfallgeb\u00fchrensatzung) finden Sie hier (Link).\u200b\u200b\u200b\u200b Die Online-Services und Formulare des Abfallwirtschaftsamtes finden Sie hier (Link). Kontakt zum Abfallwirtschaftsamt: Telefon: +49 3634 354-201E-Mail: abfallwirtschaft@lra-soemmerda.de Entsorgungsportal f\u00fcr den Landkreis S\u00f6mmerda Die Leerungstermine [&hellip;]<\/p>\n","protected":false},"author":7,"featured_media":0,"parent":0,"menu_order":0,"comment_status":"closed","ping_status":"closed","template":"","meta":{"footnotes":""},"class_list":["post-373","page","type-page","status-publish","hentry"],"_links":{"self":[{"href":"https:\/\/www.lra-soemmerda.de\/index.php?rest_route=\/wp\/v2\/pages\/373","targetHints":{"allow":["GET"]}}],"collection":[{"href":"https:\/\/www.lra-soemmerda.de\/index.php?rest_route=\/wp\/v2\/pages"}],"about":[{"href":"https:\/\/www.lra-soemmerda.de\/index.php?rest_route=\/wp\/v2\/types\/page"}],"author":[{"embeddable":true,"href":"https:\/\/www.lra-soemmerda.de\/index.php?rest_route=\/wp\/v2\/users\/7"}],"replies":[{"embeddable":true,"href":"https:\/\/www.lra-soemmerda.de\/index.php?rest_route=%2Fwp%2Fv2%2Fcomments&post=373"}],"version-history":[{"count":14,"href":"https:\/\/www.lra-soemmerda.de\/index.php?rest_route=\/wp\/v2\/pages\/373\/revisions"}],"predecessor-version":[{"id":444,"href":"https:\/\/www.lra-soemmerda.de\/index.php?rest_route=\/wp\/v2\/pages\/373\/revisions\/444"}],"wp:attachment":[{"href":"https:\/\/www.lra-soemmerda.de\/index.php?rest_route=%2Fwp%2Fv2%2Fmedia&parent=373"}],"curies":[{"name":"wp","href":"https:\/\/api.w.org\/{rel}","templated":true}]}}