{"id":445,"date":"2026-04-14T11:46:17","date_gmt":"2026-04-14T09:46:17","guid":{"rendered":"https:\/\/www.lra-soemmerda.de\/?page_id=445"},"modified":"2026-04-20T09:36:53","modified_gmt":"2026-04-20T07:36:53","slug":"anmeldung-der-schulanfaenger-2027-28","status":"publish","type":"page","link":"https:\/\/www.lra-soemmerda.de\/?page_id=445","title":{"rendered":"Anmeldung der Schulanf\u00e4nger 2027\/28"},"content":{"rendered":"\n<div class=\"wp-block-columns alignwide is-layout-flex wp-container-core-columns-is-layout-28f84493 wp-block-columns-is-layout-flex\">\n<div class=\"wp-block-column is-layout-flow wp-block-column-is-layout-flow\">\n<p>Die Anmeldung der Schulanf\u00e4nger des Schuljahres 2027\/28 an den Staatlichen Grundschulen und der Gemeinschaftsschule des Landkreises S\u00f6mmerda findet am<\/p>\n\n\n\n<h3 class=\"wp-block-heading has-text-align-center\">4. und 5. Mai 2026<\/h3>\n\n\n\n<h3 class=\"wp-block-heading has-text-align-center\">jeweils von 14.00 bis 18.00 Uhr<\/h3>\n\n\n\n<p>an der jeweiligen zust\u00e4ndigen Schule statt. Die Anmeldungen erfolgen pers\u00f6nlich in den Schulsekretariaten.<\/p>\n\n\n\n<div style=\"height:15px\" aria-hidden=\"true\" class=\"wp-block-spacer\"><\/div>\n\n\n\n<p><\/p>\n\n\n\n<h3 class=\"wp-block-heading\">Bitte beachten Sie:<\/h3>\n<\/div>\n<\/div>\n\n\n\n<div class=\"wp-block-columns alignwide is-layout-flex wp-container-core-columns-is-layout-28f84493 wp-block-columns-is-layout-flex\">\n<div class=\"wp-block-column is-layout-flow wp-block-column-is-layout-flow\">\n<ul class=\"wp-block-list\">\n<li>Bei der Anmeldung ist die Geburtsurkunde vorzulegen. Beide Sorgeberechtigte m\u00fcssen der Schulanmeldung zustimmen. Ist ein Sorgeberechtigter verhindert, so muss vom anderen Sorgeberechtigten eine Vollmacht (formlos) vorgelegt werden. Alleinerziehende \/ Lebensgemeinschaften und ggf. andere Sorgeberechtigte weisen dies der Schule nach (Alleiniges Sorgerecht \/ Sorgerechtserkl\u00e4rung \/ Gerichtsentscheidung).<\/li>\n\n\n\n<li>Entsprechend \u00a7 18 Abs. 1 des Th\u00fcringer Schulgesetzes (Th\u00fcrSchulG) in der aktuell g\u00fcltigen Fassung besteht f\u00fcr alle Kinder, die am 1. August 2027 sechs Jahre alt sind, Schulpflicht. Sie sind entsprechend ihrem Wohnsitz in einer f\u00fcr ihren Schulbezirk zust\u00e4ndigen Staatlichen Grundschule oder an einer freien Schule anzumelden. Informationen \u00fcber die einzelnen Schulen und Einzugsbereiche finden Sie im <a href=\"https:\/\/www.lra-soemmerda.de\/wp-content\/uploads\/2026\/04\/Schulnetzplanung-2025-2030.pdf\" data-type=\"attachment\" data-id=\"462\" target=\"_blank\" rel=\"noreferrer noopener\">aktuellen Schulnetzplan (Pdf)<\/a>.<\/li>\n\n\n\n<li>Bitte melden Sie Ihr Kind im zust\u00e4ndigen Schulbezirk an. Wenn Sie eine Beschulung Ihres Kindes au\u00dferhalb Ihres Schulbezirkes w\u00fcnschen, melden Sie Ihr Kind bitte trotzdem in einer \u00f6rtlich zust\u00e4ndigen Grundschule Ihres Schulbezirkes an und f\u00fcllen Sie zus\u00e4tzlich zum Formular \u201eAnmeldung zum Schulbesuch Grundschule\u201c das Formular \u201eAntrag auf ein Gastschulverh\u00e4ltnis\u201c aus. Die Entscheidung, ob ein Gastschulantrag genehmigt wird, erfolgt fr\u00fchestens im M\u00e4rz 2027.<\/li>\n\n\n\n<li>Eltern, die ihr Kind an einer Schule in freier Tr\u00e4gerschaft anmelden m\u00f6chten, wenden sich bitte direkt an diese Schule.<\/li>\n\n\n\n<li>Kinder, die am 30. Juni 2027 mindestens f\u00fcnf Jahre alt sind, k\u00f6nnen nach \u00a7 18 Abs. 2 Th\u00fcrSchulG auf Antrag der Eltern vorzeitig in die Schule aufgenommen werden. Die Entscheidung dar\u00fcber trifft die Schulleitung im Benehmen mit dem Schularzt.<\/li>\n\n\n\n<li>Laut \u00a7 119 (3) Th\u00fcringer Schulordnung (Th\u00fcrSchulO) unterrichten Sie bitte die Schulleitung \u00fcber eine offensichtliche oder vermutete Behinderung Ihres Kindes, damit diese ggf. das Feststellungsverfahren nach \u00a7 137a Th\u00fcrSchulO (F\u00f6rderbedarf) beim zust\u00e4ndigen Schulamt fristgerecht einleiten kann.<\/li>\n\n\n\n<li>Die Anmeldung der Schulanf\u00e4nger mit sonderp\u00e4dagogischem F\u00f6rderbedarf erfolgt bei der jeweiligen zust\u00e4ndigen Grundschule. Eine direkte Anmeldung am Staatlichen regionalen F\u00f6rderzentrum S\u00f6mmerda \u201eRothenbachschule\u201c ist nicht m\u00f6glich. Wenn eine Einschulung in das F\u00f6rderzentrum in Erw\u00e4gung gezogen wird, nimmt der Landkreis als Schultr\u00e4ger diese Bedarfsmeldung entgegen.<\/li>\n\n\n\n<li>Schul\u00e4rztliche Untersuchung (\u00a7 120 Th\u00fcrSchulO): In Verbindung mit der Schulanmeldung steht eine notwendige Untersuchung im Gesundheitsamt an. Informationen \u00fcber die Terminvergabe werden rechtzeitig schriftlich bekanntgegeben.<\/li>\n<\/ul>\n<\/div>\n<\/div>\n\n\n\n<div style=\"height:15px\" aria-hidden=\"true\" class=\"wp-block-spacer\"><\/div>\n\n\n\n<div class=\"wp-block-columns alignwide is-layout-flex wp-container-core-columns-is-layout-28f84493 wp-block-columns-is-layout-flex\">\n<div class=\"wp-block-column is-layout-flow wp-block-column-is-layout-flow\">\n<h3 class=\"wp-block-heading\">Formulare zur Anmeldung:<\/h3>\n<\/div>\n<\/div>\n\n\n\n<div class=\"wp-block-columns alignwide is-layout-flex wp-container-core-columns-is-layout-28f84493 wp-block-columns-is-layout-flex\">\n<div class=\"wp-block-column is-layout-flow wp-block-column-is-layout-flow\">\n<ul class=\"wp-block-list\">\n<li><a href=\"https:\/\/www.lra-soemmerda.de\/wp-content\/uploads\/2026\/04\/Anmeldung-zum-Schulbesuch-im-LK-Soemmerda-SJ27-28.pdf\" data-type=\"attachment\" data-id=\"481\" target=\"_blank\" rel=\"noreferrer noopener\">Anmeldung zum Schulbesuch (Pdf)<\/a><\/li>\n\n\n\n<li><a href=\"https:\/\/www.lra-soemmerda.de\/wp-content\/uploads\/2026\/04\/Anmeldung-zum-Schulbesuch_Informationspflicht-Art.-13-DSGVO.pdf\" data-type=\"attachment\" data-id=\"451\" target=\"_blank\" rel=\"noreferrer noopener\">Merkblatt zur Erhebung von personenbezogenen Daten (Pdf)<\/a><\/li>\n\n\n\n<li><a href=\"https:\/\/www.lra-soemmerda.de\/wp-content\/uploads\/2026\/04\/NEU_Hortantrag.pdf\" data-type=\"attachment\" data-id=\"486\" target=\"_blank\" rel=\"noreferrer noopener\">Anmeldung Hortplatz (Pdf)<\/a><\/li>\n\n\n\n<li><a href=\"https:\/\/include-th.zfinder.de\/211102406?tsaid_p010b00=210640826&amp;tsaid_c=00&amp;tsaid_s=01&amp;CHARSET=&amp;tsaid_p060a00=Gastschulantrag&amp;tsaid_qid=211102406\" target=\"_blank\" rel=\"noreferrer noopener\">Gastschulantrag (Link zur Formularsuche im Zust\u00e4ndigkeitsfinder)<\/a><\/li>\n<\/ul>\n<\/div>\n<\/div>\n\n\n\n<div class=\"wp-block-columns alignwide is-layout-flex wp-container-core-columns-is-layout-28f84493 wp-block-columns-is-layout-flex\">\n<div class=\"wp-block-column is-layout-flow wp-block-column-is-layout-flow\">\n<p><em>Sollten Sie keinen Zugang zu den technischen Voraussetzungen haben und die Formulare nicht selbst herunterladen k\u00f6nnen, wenden Sie sich bitte telefonisch an Ihre zust\u00e4ndige Schule. Sie bekommen dann die notwendigen Formulare per Post zugesendet.<\/em><\/p>\n\n\n\n<div style=\"height:12px\" aria-hidden=\"true\" class=\"wp-block-spacer\"><\/div>\n\n\n\n<h3 class=\"wp-block-heading\">Informationen zur Schuleingangsuntersuchung:<\/h3>\n\n\n\n<ul class=\"wp-block-list\">\n<li><a href=\"https:\/\/www.lra-soemmerda.de\/wp-content\/uploads\/2026\/04\/2024-06-24_GesA_Formbogen-KJAeD_SEU-Info-Stand-19.06.2024-Freigabe-TMASGFF-21.06.2024.pdf\" data-type=\"attachment\" data-id=\"450\" target=\"_blank\" rel=\"noreferrer noopener\">Elterninformation des Kinder- und Jugend\u00e4rztlichen Dienstes zur Schuleingangsu\u200bntersuchung (Pdf)<\/a><\/li>\n\n\n\n<li><a href=\"https:\/\/www.lra-soemmerda.de\/wp-content\/uploads\/2026\/04\/Elterninformation-Schuleingangsuntersuchung_Impfungen.pdf\" data-type=\"attachment\" data-id=\"453\" target=\"_blank\" rel=\"noreferrer noopener\">Elterninformation zum Thema Impfschutz (Pdf)<\/a><\/li>\n\n\n\n<li><a href=\"https:\/\/www.lra-soemmerda.de\/wp-content\/uploads\/2026\/04\/Einschulung-Schule.pdf\" data-type=\"attachment\" data-id=\"452\" target=\"_blank\" rel=\"noreferrer noopener\">Merkblatt zur Erhebung von personenbezogenen Daten zur Einschulungsuntersuchung (Pdf)<\/a><\/li>\n<\/ul>\n<\/div>\n<\/div>\n\n\n\n<div style=\"height:8px\" aria-hidden=\"true\" class=\"wp-block-spacer\"><\/div>\n\n\n\n<div class=\"wp-block-columns alignwide is-layout-flex wp-container-core-columns-is-layout-28f84493 wp-block-columns-is-layout-flex\">\n<div class=\"wp-block-column is-layout-flow wp-block-column-is-layout-flow\">\n<p><\/p>\n\n\n\n<h3 class=\"wp-block-heading\">Bei Fragen wenden Sie sich bitte an das:<\/h3>\n<\/div>\n<\/div>\n\n\n\n<div class=\"wp-block-columns alignwide is-layout-flex wp-container-core-columns-is-layout-28f84493 wp-block-columns-is-layout-flex\">\n<div class=\"wp-block-column is-layout-flow wp-block-column-is-layout-flow\">\n<p><strong>Amt f\u00fcr Schulen, Sport und Liegenschaften<\/strong><br>Bahnhofstra\u00dfe 9<br>99610 S\u00f6mmerda<br>Telefon: +49 3634 354-509<\/p>\n<\/div>\n<\/div>\n\n\n\n<p><\/p>\n","protected":false},"excerpt":{"rendered":"<p>Die Anmeldung der Schulanf\u00e4nger des Schuljahres 2027\/28 an den Staatlichen Grundschulen und der Gemeinschaftsschule des Landkreises S\u00f6mmerda findet am 4. und 5. Mai 2026 jeweils von 14.00 bis 18.00 Uhr an der jeweiligen zust\u00e4ndigen Schule statt. Die Anmeldungen erfolgen pers\u00f6nlich in den Schulsekretariaten. Bitte beachten Sie: Formulare zur Anmeldung: Sollten Sie keinen Zugang zu den [&hellip;]<\/p>\n","protected":false},"author":7,"featured_media":0,"parent":0,"menu_order":0,"comment_status":"closed","ping_status":"closed","template":"","meta":{"footnotes":""},"class_list":["post-445","page","type-page","status-publish","hentry"],"_links":{"self":[{"href":"https:\/\/www.lra-soemmerda.de\/index.php?rest_route=\/wp\/v2\/pages\/445","targetHints":{"allow":["GET"]}}],"collection":[{"href":"https:\/\/www.lra-soemmerda.de\/index.php?rest_route=\/wp\/v2\/pages"}],"about":[{"href":"https:\/\/www.lra-soemmerda.de\/index.php?rest_route=\/wp\/v2\/types\/page"}],"author":[{"embeddable":true,"href":"https:\/\/www.lra-soemmerda.de\/index.php?rest_route=\/wp\/v2\/users\/7"}],"replies":[{"embeddable":true,"href":"https:\/\/www.lra-soemmerda.de\/index.php?rest_route=%2Fwp%2Fv2%2Fcomments&post=445"}],"version-history":[{"count":18,"href":"https:\/\/www.lra-soemmerda.de\/index.php?rest_route=\/wp\/v2\/pages\/445\/revisions"}],"predecessor-version":[{"id":487,"href":"https:\/\/www.lra-soemmerda.de\/index.php?rest_route=\/wp\/v2\/pages\/445\/revisions\/487"}],"wp:attachment":[{"href":"https:\/\/www.lra-soemmerda.de\/index.php?rest_route=%2Fwp%2Fv2%2Fmedia&parent=445"}],"curies":[{"name":"wp","href":"https:\/\/api.w.org\/{rel}","templated":true}]}}