{"id":55,"date":"2026-03-19T15:20:38","date_gmt":"2026-03-19T15:20:38","guid":{"rendered":"https:\/\/lra-soemmerda.de\/?page_id=55"},"modified":"2026-04-30T13:50:00","modified_gmt":"2026-04-30T11:50:00","slug":"oe","status":"publish","type":"page","link":"https:\/\/www.lra-soemmerda.de\/?page_id=55","title":{"rendered":"\u200b\u200b\u200b\u200b\u200b\u200b\u200b\u200b\u200b\u200b\u200b\u200b\u200b\u200b\u200b\u200b\u200b\u200b\u200b\u200b\u200b\u200b\u00d6ffnungszeiten\u200b des Landratsamtes S\u00f6mmerda"},"content":{"rendered":"\n<div class=\"wp-block-group alignfull has-global-padding is-layout-constrained wp-container-core-group-is-layout-490fa1db wp-block-group-is-layout-constrained\" style=\"padding-top:var(--wp--preset--spacing--50);padding-right:var(--wp--preset--spacing--50);padding-bottom:var(--wp--preset--spacing--50);padding-left:var(--wp--preset--spacing--50)\">\n<div style=\"height:15px\" aria-hidden=\"true\" class=\"wp-block-spacer\"><\/div>\n\n\n\n<p>+++ Landratsamt S\u00f6mmerda am 15. Mai geschlossen +++<\/p>\n\n\n\n<p>Aus organisatorischen Gr\u00fcnden bleiben das Landratsamt S\u00f6mmerda und das Kreisarchiv <strong>am Freitag, den 15. Mai 2026<\/strong>, geschlossen. An diesem Tag sind auch die Servicepunkte in der Bahnhofstra\u00dfe 9 und in der Wielandstra\u00dfe 4 nicht besetzt. Wir bitten um Verst\u00e4ndnis.<\/p>\n\n\n\n<div style=\"height:10px\" aria-hidden=\"true\" class=\"wp-block-spacer\"><\/div>\n\n\n\n<p>+++ O\u200bffener Sprechta\u200bg jeden Dienstag im Landratsamt +++<\/p>\n\n\n\n<p>Dienstags ist das Landratsamt&nbsp;<strong>von 8.00 bis 12.00 Uhr sowie von 14.00 bis 18.00 Uhr<\/strong>&nbsp;f\u00fcr den Publikumsverkehr ge\u00f6ffnet. Auch die KFZ-Zulassungsbeh\u00f6rde und die F\u00fchrerscheinbeh\u00f6rde arbeiten dienstags ohne vorherige Terminbuchung. Hier kann es bei hohem Publikumsaufkommen zu l\u00e4ngeren Wartez\u200beiten und gegebenenfalls auch nur zu einer Antragsannahme kommen.<\/p>\n\n\n\n<p>\u200b\u200b<\/p>\n\n\n\n<p>\u200bPers\u00f6nliche Vorsprachen von B\u00fcrgerinnen und B\u00fcrgern sind in den Verwaltungsgeb\u00e4uden des Landratsamts in der Bahnhofstra\u00dfe 9 sowie in der Wielandstra\u00dfe 4 zu den \u00d6ffnungszeiten der Kreisverwaltung m\u00f6glich.&nbsp;<strong>Wir bitten darum, f\u00fcr pers\u00f6nliche Gespr\u00e4che vorab&nbsp;mit den je\u200bweiligen Sachbearbeitern Termine zu vereinbaren.<\/strong>&nbsp;<\/p>\n\n\n\n<p>In der&nbsp;<strong>Kfz-Zulassungsbeh\u00f6rde und der Fahrerlaubnisbeh\u00f6rde in der Wielandstra\u00dfe 4<\/strong>&nbsp;ist eine pers\u00f6nliche Vorsprache&nbsp;<strong>ausschlie\u00dflich<\/strong>&nbsp;nach vorheriger Terminvergabe m\u00f6glich (au\u00dfer dienstags)\u200b. Termine k\u00f6nnen auch&nbsp;<a href=\"https:\/\/lk-soemmerda.termine-reservieren.online\/\" target=\"_blank\" rel=\"noreferrer noopener\"><strong>online gebucht<\/strong><\/a>&nbsp;(Link zur&nbsp;Terminbuchung) werden.&nbsp;&nbsp;<\/p>\n\n\n\n<p><br>\u200bStandard-\u00d6ffnungszeiten<\/p>\n\n\n\n<p>Montag 08:00 &#8211; 12:00 Uhr<br>Dienstag 08:00 &#8211; 12:00 Uhr, 14:00 &#8211; 18:00 Uhr<br>Mittwoch geschlossen<br>Donnerstag 08:00 &#8211; 12:00 Uhr,&nbsp;nur Stra\u00dfenverkehrsamt:&nbsp;14:00 &#8211; 17:00 Uhr<br>Freitag 08:00 &#8211; 12:00\u200b&nbsp;Uhr\u200b<\/p>\n\n\n\n<p>Einige \u00c4mter und Stellen und haben hiervon&nbsp;<a href=\"https:\/\/include-th.zfinder.de\/211095819\">abweichende \u00d6ffnungszeiten\u200b<\/a>.<br><\/p>\n<\/div>\n","protected":false},"excerpt":{"rendered":"<p>+++ Landratsamt S\u00f6mmerda am 15. Mai geschlossen +++ Aus organisatorischen Gr\u00fcnden bleiben das Landratsamt S\u00f6mmerda und das Kreisarchiv am Freitag, den 15. Mai 2026, geschlossen. An diesem Tag sind auch die Servicepunkte in der Bahnhofstra\u00dfe 9 und in der Wielandstra\u00dfe 4 nicht besetzt. Wir bitten um Verst\u00e4ndnis. +++ O\u200bffener Sprechta\u200bg jeden Dienstag im Landratsamt +++ [&hellip;]<\/p>\n","protected":false},"author":7,"featured_media":0,"parent":0,"menu_order":0,"comment_status":"closed","ping_status":"closed","template":"","meta":{"footnotes":""},"class_list":["post-55","page","type-page","status-publish","hentry"],"_links":{"self":[{"href":"https:\/\/www.lra-soemmerda.de\/index.php?rest_route=\/wp\/v2\/pages\/55","targetHints":{"allow":["GET"]}}],"collection":[{"href":"https:\/\/www.lra-soemmerda.de\/index.php?rest_route=\/wp\/v2\/pages"}],"about":[{"href":"https:\/\/www.lra-soemmerda.de\/index.php?rest_route=\/wp\/v2\/types\/page"}],"author":[{"embeddable":true,"href":"https:\/\/www.lra-soemmerda.de\/index.php?rest_route=\/wp\/v2\/users\/7"}],"replies":[{"embeddable":true,"href":"https:\/\/www.lra-soemmerda.de\/index.php?rest_route=%2Fwp%2Fv2%2Fcomments&post=55"}],"version-history":[{"count":2,"href":"https:\/\/www.lra-soemmerda.de\/index.php?rest_route=\/wp\/v2\/pages\/55\/revisions"}],"predecessor-version":[{"id":736,"href":"https:\/\/www.lra-soemmerda.de\/index.php?rest_route=\/wp\/v2\/pages\/55\/revisions\/736"}],"wp:attachment":[{"href":"https:\/\/www.lra-soemmerda.de\/index.php?rest_route=%2Fwp%2Fv2%2Fmedia&parent=55"}],"curies":[{"name":"wp","href":"https:\/\/api.w.org\/{rel}","templated":true}]}}